{"id":41792,"date":"2025-05-07T11:16:05","date_gmt":"2025-05-07T11:16:05","guid":{"rendered":"https:\/\/www.propertyforsalegrancanaria.com\/verwaltung-von-kurzzeitvermietungen-auf-gran-canaria\/"},"modified":"2025-05-07T13:12:12","modified_gmt":"2025-05-07T13:12:12","slug":"verwaltung-von-kurzzeitvermietungen-auf-gran-canaria","status":"publish","type":"page","link":"https:\/\/www.propertyforsalegrancanaria.com\/de\/verwaltung-von-kurzzeitvermietungen-auf-gran-canaria\/","title":{"rendered":"Verwaltung von Kurzzeitvermietungen auf Gran Canaria"},"content":{"rendered":"<div class=\"wpb-content-wrapper\"><p>[vc_row full_width=\"stretch_row\" parallax=\"content-moving\" css=\".vc_custom_1680709609714{padding-top: 150px !important;padding-bottom: 150px !important;background: #ffffff url(https:\/\/www.propertyforsalegrancanaria.com\/wp-content\/uploads\/2023\/04\/gestione-immobiliare-di-appartamenti-per-affitti-di-breve-termine-in-gran-canaria-scaled.webp?id=9707);}\"][vc_column][vc_single_image image=\"9183&#8243; img_size=\"large\" alignment=\"center\" style=\"vc_box_shadow_3d\"][vc_custom_heading text=\"WIR SIND DIE EINZIGE AGENTUR AUF GRAN CANARIA, DIE SICH AUF DIE KOMPLETTE 360\u00ba-VERWALTUNG VON KURZZEITVERMIETUNGEN MIT VIVIENDA VACACIONAL LIZENZ SPEZIALISIERT HAT\" font_container=\"tag:h1|font_size:20|text_align:center|color:%23ffffff\" google_fonts=\"font_family:ABeeZee%3Aregular%2Citalic|font_style:400%20regular%3A400%3Anormal\" css=\".vc_custom_1724941687822{margin-top: px !important;margin-right: px !important;margin-bottom: px !important;margin-left: px !important;background-color: rgba(0,0,0,0.4) !important;*background-color: rgb(0,0,0) !important;}\"][vc_separator border_width=\"2&#8243;][vc_custom_heading text=\"F\u00dcR HAUSEIGENT\u00dcMER AUF GRAN CANARIA, DIE MEHR GELD VERDIENEN M\u00d6CHTEN, INDEM SIE S\u00c4UMIGE MIETER MIT LANGZEITMIETEN VERMEIDEN.<br \/>\nUNSER MOTTO LAUTET \"NUR ZAHLENDE G\u00c4STE AKZEPTIEREN\".\" font_container=\"tag:h2|font_size:30|text_align:center|color:%23ffffff\" use_theme_fonts=\"yes\" css_animation=\"fadeInDown\" css=\".vc_custom_1724941703345{margin-top: 5px !important;background-color: rgba(0,0,0,0.4) !important;*background-color: rgb(0,0,0) !important;}\"][vc_separator border_width=\"2&#8243;][vc_custom_heading text=\"WIR VERWALTEN NACH DER METHODE VON \"The Real Estate Investors&apos; Circle\".\" font_container=\"tag:h3|font_size:20|text_align:center|color:%23ffffff\" google_fonts=\"font_family:Abel%3Aregular|font_style:400%20regular%3A400%3Anormal\" css=\".vc_custom_1724941719011{margin-top: px !important;margin-right: px !important;margin-bottom: px !important;margin-left: px !important;background-color: rgba(0,0,0,0.4) !important;*background-color: rgb(0,0,0) !important;}\"][vc_btn title=\"KONTAKT US\" style=\"3d\" shape=\"round\" color=\"white\" align=\"center\" link=\"url:https%3A%2F%2Fwww.propertyforsalegrancanaria.com%2Fcontatti%2F|\" el_class=\"get_my_copy\"][vc_single_image image=\"9189&#8243; alignment=\"center\"][\/vc_column][\/vc_row][vc_row css=\".vc_custom_1680683545571{background-color: #ffffff !important;border-radius: 20px !important;}\"][vc_column][vc_custom_heading text=\"Wir bieten Ihnen einen kompletten und professionellen Verwaltungsservice f\u00fcr Ihre Immobilie zur Kurzzeitvermietung, ideal f\u00fcr Touristen.<br \/>\nUnser Team k\u00fcmmert sich um jeden Aspekt, so dass Sie ohne Sorgen Geld verdienen k\u00f6nnen. Wir k\u00fcmmern uns um die sorgf\u00e4ltige Auswahl zuverl\u00e4ssiger G\u00e4ste und garantieren so eine hochqualifizierte Kundschaft.<br \/>\nWir k\u00fcmmern uns um den rechtzeitigen Einzug der Zahlungen und die Erledigung aller b\u00fcrokratischen Formalit\u00e4ten im Zusammenhang mit Kurzzeitvermietungen, einschlie\u00dflich der Anmeldung bei den zust\u00e4ndigen Beh\u00f6rden. Au\u00dferdem sorgen wir f\u00fcr eine gr\u00fcndliche Reinigung und regelm\u00e4\u00dfige Wartung der Wohnung, so dass sie f\u00fcr jeden neuen Gast stets in perfektem Zustand ist. Verlassen Sie sich auf uns, um die Rendite Ihrer Immobilie zu maximieren und ein au\u00dfergew\u00f6hnliches Erlebnis f\u00fcr Ihre G\u00e4ste zu gew\u00e4hrleisten.   \" font_container=\"tag:h4|font_size:20|text_align:center|color:%230a0a0a\" google_fonts=\"font_family:Montserrat%3Aregular%2C700|font_style:400%20regular%3A400%3Anormal\" css=\".vc_custom_1724941736178{border-top-width: 2px !important;border-right-width: 2px !important;border-bottom-width: 2px !important;border-left-width: 2px !important;background-color: rgba(0,0,0,0.33) !important;*background-color: rgb(0,0,0) !important;border-left-style: inset !important;border-right-style: inset !important;border-top-style: inset !important;border-bottom-style: inset !important;}\"][vc_column_text css=\".vc_custom_1680708136203{background-color: #dddddd !important;}\"]<\/p>\n<ul>\n<li><span style=\"color: #000000;\">Keine Tricks, um die Miete ohne das Wissen des Investors zu kassieren, der in anderen L\u00e4ndern lebt und daher nicht selbst \u00fcberpr\u00fcfen kann, wann es vermietet ist.<\/span><\/li>\n<li><span style=\"color: #000000;\">Kein improvisiertes Personal in der Verwaltung und keine illegale Arbeit. Ihre Immobilie wird keine guten Einnahmen erzielen und Sie riskieren hohe Geldstrafen und den endg\u00fcltigen Entzug Ihrer Vivienda Vacacional Lizenz. <\/span><\/li>\n<\/ul>\n<p>[\/vc_column_text][vc_empty_space][vc_separator][vc_custom_heading text=\"Wenn Sie sich daf\u00fcr entscheiden, uns die Verwaltung Ihrer Immobilie anzuvertrauen, sind die ersten Schritte:\" font_container=\"tag:h2|text_align:center\" use_theme_fonts=\"yes\" css=\"\"][vc_column_text css=\"\"]<\/p>\n<div class=\"x11i5rnm xat24cr x1mh8g0r x1vvkbs xtlvy1s x126k92a\">\n<h2 dir=\"auto\" style=\"text-align: center;\"><\/h2>\n<\/div>\n<div class=\"x11i5rnm xat24cr x1mh8g0r x1vvkbs xtlvy1s x126k92a\">\n<div dir=\"auto\"><span style=\"color: #000000;\">1) Erste Besichtigung der Immobilie mit Bewertung des Raums und der Einrichtung und Entscheidung \u00fcber eventuell vorzunehmende Verbesserungen.<\/span><\/div>\n<div dir=\"auto\"><\/div>\n<div dir=\"auto\"><span style=\"color: #000000;\">2) Der zweite Schritt ist die Unterzeichnung eines Mietverwaltungsvertrags f\u00fcr kurzfristige Vermietungen zwischen den beiden Parteien mit einer Mindestdauer von 12 Monaten zum Nulltarif.<\/span><\/div>\n<div dir=\"auto\"><\/div>\n<div dir=\"auto\"><span style=\"color: #000000;\">3) Es folgt die Erteilung der Vivienda Vacacional-Lizenz und der damit verbundene Druck und die Anbringung der Plakette an der Immobilie sowie die Meldung der Aufnahme der T\u00e4tigkeit an die zust\u00e4ndigen lokalen Beh\u00f6rden, indem auch eine verantwortliche und auf der Insel verf\u00fcgbare Person eingetragen wird.<\/span><\/div>\n<div dir=\"auto\"><\/div>\n<div dir=\"auto\"><span style=\"color: #000000;\">4) Fotografische Videoaufnahmen und Ver\u00f6ffentlichung der Immobilie auf den wichtigsten Buchungsportalen und unserer institutionellen Website.<\/span><\/div>\n<div dir=\"auto\"><\/div>\n<div dir=\"auto\">\n<div class=\"x11i5rnm xat24cr x1mh8g0r x1vvkbs xtlvy1s x126k92a\">\n<h2 dir=\"auto\" style=\"text-align: center;\"><\/h2>\n<\/div>\n<\/div>\n<div dir=\"auto\"><\/div>\n<div dir=\"auto\"><\/div>\n<\/div>\n<div dir=\"auto\"><\/div>\n<p>[\/vc_column_text][\/vc_column][\/vc_row][vc_row][vc_column][vc_column_text css=\"\"]<\/p>\n<h2 style=\"text-align: center;\">DAS ANWESEN IST JETZT BEREIT, IHRE G\u00c4STE ZU EMPFANGEN<\/h2>\n<p>[\/vc_column_text][vc_custom_heading text=\"Unsere umfassende Managementarbeit umfasst:\" font_container=\"tag:h3|text_align:center\" use_theme_fonts=\"yes\" css=\"\"][vc_column_text css=\"\"]<\/p>\n<ul>\n<li dir=\"auto\"><span style=\"color: #000000;\">Entgegennahme von Buchungen und Verwaltung von Portalen<\/span><\/li>\n<li dir=\"auto\"><span style=\"color: #000000;\">Einchecken und Auschecken<\/span><\/li>\n<li dir=\"auto\"><span style=\"color: #000000;\">Gastregistrierung bei den lokalen Beh\u00f6rden<\/span><\/li>\n<li dir=\"auto\"><span style=\"color: #000000;\">Hilfe f\u00fcr G\u00e4ste und Geb\u00e4ude H24 7\/7<\/span><\/li>\n<li dir=\"auto\"><span style=\"color: #000000;\">Organisation von Reinigungsdienstleistungen durch unser Unternehmen &#8218;Dp Zero Virus&#8216;.<\/span><\/li>\n<li dir=\"auto\"><span style=\"color: #000000;\">Versenden von Berichten und Rechnungen \u00fcber Buchungen per E-Mail,<\/span><\/li>\n<li dir=\"auto\"><span style=\"color: #000000;\">Steuerliche Verwaltung der Einnahmen durch Zusammenarbeit mit einer der ersten lokalen Beratungsfirmen<\/span><\/li>\n<li dir=\"auto\"><span style=\"color: #000000;\">Zahlung von Geb\u00fchren und Steuern im Namen des Eigent\u00fcmers<\/span><\/li>\n<li dir=\"auto\"><span style=\"color: #000000;\">Der Umgang mit Banken und Dienstleistern wie Strom, Wasser, Internet und der Eigentumswohnung.<\/span><\/li>\n<\/ul>\n<div dir=\"auto\"><\/div>\n<p>[\/vc_column_text][\/vc_column][\/vc_row][vc_row css=\".vc_custom_1680685801798{border-top-width: 2px !important;border-right-width: 2px !important;border-bottom-width: 2px !important;border-left-width: 2px !important;border-left-color: #000000 !important;border-left-style: ridge !important;border-right-color: #000000 !important;border-right-style: ridge !important;border-top-color: #000000 !important;border-top-style: ridge !important;border-bottom-color: #000000 !important;border-bottom-style: ridge !important;border-radius: 10px !important;}\"][vc_column width=\"1\/4&#8243;][vc_icon icon_fontawesome=\"fas fa-tv\" color=\"white\" background_style=\"rounded\" background_color=\"custom\" size=\"lg\" align=\"center\" css_animation=\"appear\" custom_background_color=\"#6baa9d\"][vc_column_text]<\/p>\n<p style=\"text-align: center;\">SIE M\u00dcSSEN SICH NICHT UM ANK\u00dcNDIGUNGEN, BUCHUNGEN UND SONDERW\u00dcNSCHE K\u00dcMMERN<\/p>\n<p>[\/vc_column_text][\/vc_column][vc_column width=\"1\/4&#8243;][vc_icon type=\"entypo\" icon_entypo=\"entypo-icon entypo-icon-users\" color=\"white\" background_style=\"rounded\" background_color=\"custom\" size=\"lg\" align=\"center\" css_animation=\"appear\" custom_background_color=\"#6baa9d\"][vc_column_text]<\/p>\n<p style=\"text-align: center;\">M\u00dcSSEN SIE SICH KEINE GEDANKEN \u00dcBER DAS EIN- UND AUSCHECKEN VON TOURISTEN MACHEN<\/p>\n<p>[\/vc_column_text][\/vc_column][vc_column width=\"1\/4&#8243;][vc_icon type=\"material\" icon_material=\"vc-material vc-material-date_range\" color=\"white\" background_style=\"rounded\" background_color=\"custom\" size=\"lg\" align=\"center\" css_animation=\"appear\" custom_background_color=\"#6baa9d\"][vc_column_text]<\/p>\n<p style=\"text-align: center;\">SIE M\u00dcSSEN DEN REINIGUNGS- UND INTERVENTIONSKALENDER NICHT ORGANISIEREN<\/p>\n<p>[\/vc_column_text][\/vc_column][vc_column width=\"1\/4&#8243;][vc_icon type=\"material\" icon_material=\"vc-material vc-material-perm_media\" color=\"white\" background_style=\"rounded\" background_color=\"custom\" size=\"lg\" align=\"center\" css_animation=\"appear\" custom_background_color=\"#6baa9d\"][vc_column_text]<\/p>\n<p style=\"text-align: center;\">SIE M\u00dcSSEN SICH NICHT MIT B\u00dcROKRATIE UND STEUERN HERUMSCHLAGEN<\/p>\n<p>[\/vc_column_text][\/vc_column][\/vc_row][vc_row full_width=\"stretch_row\" css=\".vc_custom_1680685619081{border-left-width: 2px !important;background-color: #cecece !important;border-left-style: inset !important;border-radius: 5px !important;}\"][vc_column width=\"1\/3&#8243;][vc_custom_heading text=\"VORBEREITUNG DER UNTERKUNFT\" font_container=\"tag:h2|text_align:center|color:%23ffffff\" use_theme_fonts=\"yes\" css=\".vc_custom_1680300625138{border-top-width: 2px !important;border-right-width: 2px !important;border-bottom-width: 2px !important;border-left-width: 2px !important;background-color: #000000 !important;border-left-color: #ffffff !important;border-left-style: solid !important;border-right-color: #ffffff !important;border-right-style: solid !important;border-top-color: #ffffff !important;border-top-style: solid !important;border-bottom-color: #ffffff !important;border-bottom-style: solid !important;border-radius: 10px !important;}\"][vc_column_text css=\".vc_custom_1680706340854{margin-bottom: 15px !important;}\"]<span style=\"color: #000000;\">Bei der ersten Besichtigung \u00fcberpr\u00fcfen wir den Zustand der Immobilie, ob sie verbesserungsbed\u00fcrftig ist und ob sie den auf den Kanarischen Inseln geltenden Vorschriften f\u00fcr Kurzzeitmieten entspricht.<\/span>[\/vc_column_text][vc_single_image image=\"9832&#8243; img_size=\"medium\" alignment=\"center\"][\/vc_column][vc_column width=\"1\/3&#8243;][vc_custom_heading text=\"KALENDERVERWALTUNG AUF PORTALEN\" font_container=\"tag:h2|text_align:center|color:%23ffffff\" use_theme_fonts=\"yes\" css=\".vc_custom_1680685859680{border-top-width: 2px !important;border-right-width: 2px !important;border-bottom-width: 2px !important;border-left-width: 2px !important;background-color: #000000 !important;border-left-color: #ffffff !important;border-left-style: solid !important;border-right-color: #ffffff !important;border-right-style: solid !important;border-top-color: #ffffff !important;border-top-style: solid !important;border-bottom-color: #ffffff !important;border-bottom-style: solid !important;border-radius: 10px !important;}\"][vc_column_text css=\".vc_custom_1680706568552{margin-bottom: 15px !important;}\"]<span style=\"color: #000000;\">Wir erstellen Eintr\u00e4ge in den wichtigsten touristischen Buchungsportalen, beschreiben Ihr Haus und k\u00fcmmern uns um alle Buchungen und G\u00e4steanfragen.<\/span>[\/vc_column_text][vc_single_image image=\"9834&#8243; img_size=\"medium\" add_caption=\"yes\" alignment=\"center\"][\/vc_column][vc_column width=\"1\/3&#8243;][vc_custom_heading text=\"CHECK-IN\/CHECK-OUT DER G\u00c4STE\" font_container=\"tag:h2|text_align:center|color:%23ffffff\" use_theme_fonts=\"yes\" css=\".vc_custom_1680685872814{border-top-width: 2px !important;border-right-width: 2px !important;border-bottom-width: 2px !important;border-left-width: 2px !important;background-color: #000000 !important;border-left-color: #ffffff !important;border-left-style: solid !important;border-right-color: #ffffff !important;border-right-style: solid !important;border-top-color: #ffffff !important;border-top-style: solid !important;border-bottom-color: #ffffff !important;border-bottom-style: solid !important;border-radius: 10px !important;}\"][vc_column_text css=\".vc_custom_1680706554753{margin-bottom: 15px !important;}\"]<span style=\"color: #000000;\">Wir begr\u00fc\u00dfen Ihre G\u00e4ste beim Check-In, \u00fcbergeben ihnen die Schl\u00fcssel, zeigen ihnen Ihr Anwesen und die Dienstleistungen, die sowohl darin als auch in dem Komplex, in dem es sich befindet, zur Verf\u00fcgung stehen.<\/span>[\/vc_column_text][vc_single_image image=\"9835&#8243; img_size=\"medium\" alignment=\"center\"][\/vc_column][\/vc_row][vc_row full_width=\"stretch_row\" css=\".vc_custom_1680685712682{background-color: #cecece !important;border-radius: 5px !important;}\"][vc_column width=\"1\/3&#8243;][vc_custom_heading text=\"GAST-REGISTRIERUNG\" font_container=\"tag:h2|text_align:center|color:%23ffffff\" use_theme_fonts=\"yes\" css=\".vc_custom_1680685912764{border-top-width: 2px !important;border-right-width: 2px !important;border-bottom-width: 2px !important;border-left-width: 2px !important;background-color: #000000 !important;border-left-color: #ffffff !important;border-left-style: solid !important;border-right-color: #ffffff !important;border-right-style: solid !important;border-top-color: #ffffff !important;border-top-style: solid !important;border-bottom-color: #ffffff !important;border-bottom-style: solid !important;border-radius: 10px !important;}\"][vc_column_text css=\".vc_custom_1680706625616{margin-bottom: 15px !important;}\"]<span style=\"color: #000000;\">Wir registrieren die Ausweispapiere Ihrer G\u00e4ste in den Systemen der zust\u00e4ndigen Beh\u00f6rden gem\u00e4\u00df den geltenden Anti-Terror-Bestimmungen.<\/span>[\/vc_column_text][vc_single_image image=\"9838&#8243; img_size=\"medium\" alignment=\"center\"][\/vc_column][vc_column width=\"1\/3&#8243;][vc_custom_heading text=\"REINIGUNGSMANAGEMENT\" font_container=\"tag:h2|text_align:center|color:%23ffffff\" use_theme_fonts=\"yes\" css=\".vc_custom_1680685950263{border-top-width: 2px !important;border-right-width: 2px !important;border-bottom-width: 2px !important;border-left-width: 2px !important;background-color: #000000 !important;border-left-color: #ffffff !important;border-left-style: solid !important;border-right-color: #ffffff !important;border-right-style: solid !important;border-top-color: #ffffff !important;border-top-style: solid !important;border-bottom-color: #ffffff !important;border-bottom-style: solid !important;border-radius: 10px !important;}\"][vc_column_text css=\".vc_custom_1680706710870{margin-bottom: 15px !important;}\"]<span style=\"color: #000000;\">Wir bieten Ihnen \u00fcber unser Unternehmen den Reinigungs- und W\u00e4scheservice sowie die optimale Pflege Ihrer Wohnung an.  <\/span>[\/vc_column_text][vc_single_image image=\"9837&#8243; img_size=\"medium\" alignment=\"center\"][\/vc_column][vc_column width=\"1\/3&#8243;][vc_custom_heading text=\"24-STUNDEN-VERF\u00dcGBARKEIT 7\/7&#8243; font_container=\"tag:h2|text_align:center|color:%23ffffff\" use_theme_fonts=\"yes\" css=\".vc_custom_1680685921897{border-top-width: 2px !important;border-right-width: 2px !important;border-bottom-width: 2px !important;border-left-width: 2px !important;background-color: #000000 !important;border-left-color: #ffffff !important;border-left-style: solid !important;border-right-color: #ffffff !important;border-right-style: solid !important;border-top-color: #ffffff !important;border-top-style: solid !important;border-bottom-color: #ffffff !important;border-bottom-style: solid !important;border-radius: 10px !important;}\"][vc_column_text css=\".vc_custom_1680706744853{margin-bottom: 15px !important;}\"]<span style=\"color: #000000;\">Ein Mitglied unseres Personals steht Ihnen 24 Stunden am Tag, 7 Tage die Woche f\u00fcr alle Notf\u00e4lle zur Verf\u00fcgung, die mit dem Gast oder der Immobilie auftreten k\u00f6nnen.<\/span>[\/vc_column_text][vc_single_image image=\"9839&#8243; img_size=\"medium\" alignment=\"center\"][\/vc_column][\/vc_row][vc_row gap=\"15&#8243; equal_height=\"yes\" css=\".vc_custom_1496755964373{padding-top: 50px !important;padding-bottom: 50px !important;}\"][vc_column width=\"1\/4&#8243;][vc_icon type=\"typicons\" icon_typicons=\"typcn typcn-home-outline\" color=\"white\" background_style=\"rounded\" background_color=\"turquoise\" size=\"lg\" align=\"center\"][vc_custom_heading text=\"M\u00d6BEL UND WOHNINSZENIERUNG\" font_container=\"tag:h4|font_size:22|text_align:center|color:%233a3a3a|line_height:1.2&#8243; google_fonts=\"font_family:Montserrat%3Aregular%2C700|font_style:400%20regular%3A400%3Anormal\"][vc_column_text]<\/p>\n<p style=\"text-align: center;\">Wir sind Experten f\u00fcr Home Staging und richten die Wohnung so ein, dass sie schneller und zu h\u00f6heren Preisen vermietet werden kann.<\/p>\n<p>[\/vc_column_text][\/vc_column][vc_column width=\"1\/4&#8243;][vc_icon type=\"entypo\" icon_entypo=\"entypo-icon entypo-icon-picture\" color=\"white\" background_style=\"rounded\" background_color=\"turquoise\" size=\"lg\" align=\"center\"][vc_custom_heading text=\"FOTO-SHOT\" font_container=\"tag:h4|font_size:22|text_align:center|color:%233a3a3a|line_height:1.2&#8243; google_fonts=\"font_family:Montserrat%3Aregular%2C700|font_style:400%20regular%3A400%3Anormal\"][vc_column_text]<\/p>\n<p style=\"text-align: center;\">Ihre Wohnung wird den G\u00e4sten mit auff\u00e4lligen Bildern pr\u00e4sentiert, die die Vorz\u00fcge Ihrer Wohnung hervorheben.<\/p>\n<p>[\/vc_column_text][\/vc_column][vc_column width=\"1\/4&#8243;][vc_icon type=\"typicons\" icon_typicons=\"typcn typcn-cog-outline\" color=\"white\" background_style=\"rounded\" background_color=\"turquoise\" size=\"lg\" align=\"center\"][vc_custom_heading text=\"ANZEIGENVER\u00d6FFENTLICHUNG\" font_container=\"tag:h4|font_size:22|text_align:center|color:%233a3a3a|line_height:1.2&#8243; google_fonts=\"font_family:Montserrat%3Aregular%2C700|font_style:400%20regular%3A400%3Anormal\"][vc_column_text]<\/p>\n<p style=\"text-align: center;\">Wir ver\u00f6ffentlichen die Anzeige, die Ihr Haus beschreibt, auf den wichtigsten Buchungsportalen wie Booking, AirBnb, Vrbo, etc.<\/p>\n<p>[\/vc_column_text][\/vc_column][vc_column width=\"1\/4&#8243;][vc_icon type=\"entypo\" icon_entypo=\"entypo-icon entypo-icon-docs\" color=\"white\" background_style=\"rounded\" background_color=\"turquoise\" size=\"lg\" align=\"center\"][vc_custom_heading text=\"PAPIERWERK\" font_container=\"tag:h4|font_size:22|text_align:center|color:%233a3a3a|line_height:1.2&#8243; google_fonts=\"font_family:Montserrat%3Aregular%2C700|font_style:400%20regular%3A400%3Anormal\"][vc_column_text]<\/p>\n<p style=\"text-align: center;\">Wir k\u00fcmmern uns um alle notwendigen Unterlagen und Erkl\u00e4rungen f\u00fcr die regul\u00e4re Verwaltung von Kurzzeitvermietungen<\/p>\n<p>[\/vc_column_text][\/vc_column][\/vc_row][vc_row gap=\"15&#8243; equal_height=\"yes\" css=\".vc_custom_1496755964373{padding-top: 50px !important;padding-bottom: 50px !important;}\"][vc_column width=\"1\/4&#8243;][vc_icon type=\"entypo\" icon_entypo=\"entypo-icon entypo-icon-cc-nc-eu\" color=\"white\" background_style=\"rounded\" background_color=\"turquoise\" size=\"lg\" align=\"center\"][vc_custom_heading text=\"KEINE FESTEN BETRIEBSKOSTEN\" font_container=\"tag:h4|font_size:22|text_align:center|color:%233a3a3a|line_height:1.2&#8243; google_fonts=\"font_family:Montserrat%3Aregular%2C700|font_style:400%20regular%3A400%3Anormal\"][vc_column_text]Sie zahlen nur unsere Provision f\u00fcr abgeschlossene Buchungen, wir berechnen Ihnen keine weiteren Fixkosten f\u00fcr die Verwaltung von Vermietungen[\/vc_column_text][\/vc_column][vc_column width=\"1\/4&#8243;][vc_icon icon_fontawesome=\"fas fa-receipt\" color=\"white\" background_style=\"rounded\" background_color=\"turquoise\" size=\"lg\" align=\"center\"][vc_custom_heading text=\"BUCHUNGS\u00dcBERSICHT\" font_container=\"tag:h4|font_size:22|text_align:center|color:%233a3a3a|line_height:1.2&#8243; google_fonts=\"font_family:Montserrat%3Aregular%2C700|font_style:400%20regular%3A400%3Anormal\"][vc_column_text]Bei jedem Check-Out senden wir Ihnen den Buchungsbericht mit maximaler Transparenz per E-Mail zusammen mit unserer Provisionsrechnung.[\/vc_column_text][\/vc_column][vc_column width=\"1\/4&#8243;][vc_icon icon_fontawesome=\"fas fa-hand-holding-usd\" color=\"white\" background_style=\"rounded\" background_color=\"turquoise\" size=\"lg\" align=\"center\"][vc_custom_heading text=\"ZAHLUNG VON GEB\u00dcHREN UND STEUERN\" font_container=\"tag:h4|font_size:22|text_align:center|color:%233a3a3a|line_height:1.2&#8243; google_fonts=\"font_family:Montserrat%3Aregular%2C700|font_style:400%20regular%3A400%3Anormal\"][vc_column_text]<\/p>\n<p style=\"text-align: center;\">Wir zahlen viertelj\u00e4hrlich Steuern in \u00dcbereinstimmung mit den lokalen Steuervorschriften<\/p>\n<p>[\/vc_column_text][\/vc_column][vc_column width=\"1\/4&#8243;][vc_icon icon_fontawesome=\"fas fa-exclamation-circle\" color=\"white\" background_style=\"rounded\" background_color=\"turquoise\" size=\"lg\" align=\"center\"][vc_custom_heading text=\"24-STUNDEN-NOTDIENST 7\/7&#8243; font_container=\"tag:h4|font_size:22|text_align:center|color:%233a3a3a|line_height:1.2&#8243; google_fonts=\"font_family:Montserrat%3Aregular%2C700|font_style:400%20regular%3A400%3Anormal\"][vc_column_text]<\/p>\n<p style=\"text-align: center;\">Ein Mitglied unseres Personals wird H24 7\/7 f\u00fcr alle Eventualit\u00e4ten sowohl f\u00fcr den Gast als auch f\u00fcr das Anwesen zur Verf\u00fcgung stehen<\/p>\n<p>[\/vc_column_text][\/vc_column][\/vc_row][vc_row][vc_column][vc_custom_heading text=\"DIE VERANTWORTLICHEN F\u00dcR DIE VERWALTUNG VON KURZZEITVERMIETUNGEN\" font_container=\"tag:h3|font_size:28|text_align:center|color:%233a3a3a|line_height:1.2&#8243; google_fonts=\"font_family:Montserrat%3Aregular%2C700|font_style:400%20regular%3A400%3Anormal\" css=\".vc_custom_1680210999793{padding-bottom: 35px !important;}\"][\/vc_column][\/vc_row][vc_row gap=\"15&#8243; equal_height=\"yes\" css=\".vc_custom_1453299367133{padding-bottom: 50px !important;}\"][vc_column width=\"1\/2&#8243;][vc_single_image image=\"9434&#8243; img_size=\"200&#215;200&#8243; alignment=\"center\" style=\"vc_box_circle\" css_animation=\"top-to-bottom\"][vc_custom_heading text=\"Daniele Piccoli\" font_container=\"tag:h4|font_size:22|text_align:center|color:%233a3a3a|line_height:1.2&#8243; google_fonts=\"font_family:Montserrat%3Aregular%2C700|font_style:400%20regular%3A400%3Anormal\"][vc_column_text css=\".vc_custom_1680209828806{margin-bottom: 10px !important;}\"]<\/p>\n<p style=\"text-align: center;\"><em>Eigent\u00fcmer  <\/em><\/p>\n<p>[\/vc_column_text][vc_column_text css=\"\"]<\/p>\n<p style=\"text-align: center;\">Eigent\u00fcmer von PROPERTY FOR SALE GRAN CANARIA und Erfinder der Methode &#8218;Real Estate Investors&#8216; Circle&#8216;.<\/p>\n<p>[\/vc_column_text][\/vc_column][vc_column width=\"1\/2&#8243;][vc_single_image image=\"9435&#8243; img_size=\"200&#215;200&#8243; alignment=\"center\" style=\"vc_box_circle\" css_animation=\"top-to-bottom\"][vc_custom_heading text=\"Alessia Ponzano\" font_container=\"tag:h4|font_size:22|text_align:center|color:%233a3a3a|line_height:1.2&#8243; google_fonts=\"font_family:Montserrat%3Aregular%2C700|font_style:400%20regular%3A400%3Anormal\"][vc_column_text css=\".vc_custom_1680209904339{margin-bottom: 10px !important;}\"]<\/p>\n<p style=\"text-align: center;\"><em>Jurist und Manager  <\/em><\/p>\n<p>[\/vc_column_text][vc_column_text]<\/p>\n<p style=\"text-align: center;\">Verantwortlich f\u00fcr die Verwaltung von Reservierungen, Check-In, G\u00e4steregistrierung, Housekeeping und Geb\u00e4udeinterventionen.<\/p>\n<p>[\/vc_column_text][\/vc_column][\/vc_row][vc_row][vc_column][vc_separator css=\"\"]\n<div class=\"wpcf7 no-js\" id=\"wpcf7-f42039-o1\" lang=\"de-DE\" dir=\"ltr\" data-wpcf7-id=\"42039\">\n<div class=\"screen-reader-response\"><p role=\"status\" aria-live=\"polite\" aria-atomic=\"true\"><\/p> <ul><\/ul><\/div>\n<form action=\"\/de\/wp-json\/wp\/v2\/pages\/41792#wpcf7-f42039-o1\" method=\"post\" class=\"wpcf7-form init\" aria-label=\"Kontaktformular\" novalidate=\"novalidate\" data-status=\"init\">\n<fieldset class=\"hidden-fields-container\"><input type=\"hidden\" name=\"_wpcf7\" value=\"42039\" \/><input type=\"hidden\" name=\"_wpcf7_version\" value=\"6.1.5\" \/><input type=\"hidden\" name=\"_wpcf7_locale\" value=\"de_DE\" \/><input type=\"hidden\" name=\"_wpcf7_unit_tag\" value=\"wpcf7-f42039-o1\" \/><input type=\"hidden\" name=\"_wpcf7_container_post\" value=\"0\" \/><input type=\"hidden\" name=\"_wpcf7_posted_data_hash\" value=\"\" \/>\n<\/fieldset>\n<p>Telefonnummer (obligatorisch)<br \/>\n<span class=\"wpcf7-form-control-wrap\" data-name=\"tel-743\"><input size=\"40\" maxlength=\"400\" class=\"wpcf7-form-control wpcf7-tel wpcf7-validates-as-required wpcf7-text wpcf7-validates-as-tel\" aria-required=\"true\" aria-invalid=\"false\" value=\"\" type=\"tel\" name=\"tel-743\" \/><\/span>\n<\/p>\n<p>Ihr Vor- und Nachname (obligatorisch)<br \/>\n<span class=\"wpcf7-form-control-wrap\" data-name=\"your-name\"><input size=\"40\" maxlength=\"400\" class=\"wpcf7-form-control wpcf7-text wpcf7-validates-as-required\" aria-required=\"true\" aria-invalid=\"false\" value=\"\" type=\"text\" name=\"your-name\" \/><\/span>\n<\/p>\n<p><label> Ihre E-Mail (obligatorisch)<br \/>\n<span class=\"wpcf7-form-control-wrap\" data-name=\"your-email\"><input size=\"40\" maxlength=\"400\" class=\"wpcf7-form-control wpcf7-email wpcf7-validates-as-required wpcf7-text wpcf7-validates-as-email\" aria-required=\"true\" aria-invalid=\"false\" value=\"\" type=\"email\" name=\"your-email\" \/><\/span> <\/label>\n<\/p>\n<p>Nachricht<br \/>\n<span class=\"wpcf7-form-control-wrap\" data-name=\"text-206\"><input size=\"40\" maxlength=\"400\" class=\"wpcf7-form-control wpcf7-text\" aria-invalid=\"false\" value=\"Beschreiben Sie Ihren Bedarf an den Dienstleistungen, an denen Sie interessiert sind\" type=\"text\" name=\"text-206\" \/><\/span>\n<\/p>\n<p>Ich habe Ihre <a href=\"https:\/\/www.propertyforsalegrancanaria.com\/privacy-policy-and-cookies\/\" target=\"_blank\" style=\"color:#1e73be\">Datenschutzbestimmungen<\/a> gelesen und stimme der Verarbeitung meiner Daten zu<span class=\"wpcf7-form-control-wrap\" data-name=\"acceptance-540\"><span class=\"wpcf7-form-control wpcf7-acceptance\"><span class=\"wpcf7-list-item\"><input type=\"checkbox\" name=\"acceptance-540\" value=\"1\" aria-invalid=\"false\" \/><\/span><\/span><\/span>\n<\/p>\n<p><input class=\"wpcf7-form-control wpcf7-submit has-spinner\" type=\"submit\" value=\"Senden Sie\" \/>\n<\/p><p style=\"display: none !important;\" class=\"akismet-fields-container\" data-prefix=\"_wpcf7_ak_\"><label>&#916;<textarea name=\"_wpcf7_ak_hp_textarea\" cols=\"45\" rows=\"8\" maxlength=\"100\"><\/textarea><\/label><input type=\"hidden\" id=\"ak_js_1\" name=\"_wpcf7_ak_js\" value=\"33\"\/><script type=\"text\/javascript\">\n\/* <![CDATA[ *\/\ndocument.getElementById( \"ak_js_1\" ).setAttribute( \"value\", ( new Date() ).getTime() );\n\/* ]]> *\/\n<\/script>\n<\/p><div class=\"wpcf7-response-output\" aria-hidden=\"true\"><\/div>\n<\/form>\n<\/div>\n[vc_cta h2=\"WENN SIE DIE GESUCHTEN INFORMATIONEN NICHT FINDEN KONNTEN, WENDEN SIE SICH BITTE DIREKT AN +34 635632009 \/ +39 3518711203.\"]F\u00fcr weitere Informationen kontaktieren Sie uns bitte unter den folgenden Telefonnummern +34 635632009 \/ +39 3518711203[\/vc_cta][\/vc_column][\/vc_row]<\/p>\n<\/div>","protected":false},"excerpt":{"rendered":"<p>[vc_row full_width=\"stretch_row\" parallax=\"content-moving\" css=\".vc_custom_1680709609714{padding-top: 150px !important;padding-bottom: 150px !important;background: #ffffff url(https:\/\/www.propertyforsalegrancanaria.com\/wp-content\/uploads\/2023\/04\/gestione-immobiliare-di-appartamenti-per-affitti-di-breve-termine-in-gran-canaria-scaled.webp?id=9707);}\"][vc_column][vc_single_image image=\"9183&#8243; img_size=\"large\" alignment=\"center\" style=\"vc_box_shadow_3d\"][vc_custom_heading text=\"WIR SIND DIE EINZIGE AGENTUR AUF GRAN CANARIA, DIE SICH AUF DIE KOMPLETTE 360\u00ba-VERWALTUNG VON KURZZEITVERMIETUNGEN MIT VIVIENDA VACACIONAL LIZENZ SPEZIALISIERT HAT\" font_container=\"tag:h1|font_size:20|text_align:center|color:%23ffffff\" google_fonts=\"font_family:ABeeZee%3Aregular%2Citalic|font_style:400%20regular%3A400%3Anormal\" css=\".vc_custom_1724941687822{margin-top: px !important;margin-right: px !important;margin-bottom: px !important;margin-left: px !important;background-color: rgba(0,0,0,0.4) !important;*background-color: rgb(0,0,0) !important;}\"][vc_separator border_width=\"2&#8243;][vc_custom_heading text=\"F\u00dcR HAUSEIGENT\u00dcMER AUF [&hellip;]<\/p>\n","protected":false},"author":1,"featured_media":41793,"parent":0,"menu_order":0,"comment_status":"closed","ping_status":"closed","template":"","meta":{"footnotes":""},"class_list":["post-41792","page","type-page","status-publish","has-post-thumbnail","hentry"],"yoast_head":"<!-- This site is optimized with the Yoast SEO Premium plugin v27.4 (Yoast SEO v27.5) - https:\/\/yoast.com\/product\/yoast-seo-premium-wordpress\/ -->\n<title>Gran Canaria Vacation Rentals: Tourismus-Management | 2025<\/title>\n<meta name=\"description\" content=\"Verwaltung von Kurzzeitvermietungen auf Gran Canaria: Vivienda Vacacional Lizenz, Reservierungen, Check-in und Steuerverwaltung. Entdecken Sie den professionellen Service!\" \/>\n<meta name=\"robots\" content=\"index, follow, max-snippet:-1, max-image-preview:large, max-video-preview:-1\" \/>\n<link rel=\"canonical\" href=\"https:\/\/www.propertyforsalegrancanaria.com\/de\/verwaltung-von-kurzzeitvermietungen-auf-gran-canaria\/\" \/>\n<meta property=\"og:locale\" content=\"de_DE\" \/>\n<meta property=\"og:type\" content=\"article\" \/>\n<meta property=\"og:title\" content=\"Immobilienverwaltung auf Gran Canaria f\u00fcr touristische Kurzzeitvermietungen, Kalenderverwaltung, Steuerzahlung, F\u00fchrerschein, G\u00e4steregistrierung\" \/>\n<meta property=\"og:description\" content=\"Verdienen Sie mehr mit Immobilienverwaltung auf Gran Canaria. Vermeiden Sie s\u00e4umige Mieter mit einer sicheren und profitablen Kurzzeitvermietung.\" \/>\n<meta property=\"og:url\" content=\"https:\/\/www.propertyforsalegrancanaria.com\/de\/verwaltung-von-kurzzeitvermietungen-auf-gran-canaria\/\" \/>\n<meta property=\"og:site_name\" content=\"Property for sale Gran Canaria\" \/>\n<meta property=\"article:publisher\" content=\"https:\/\/www.facebook.com\/DANIELEPICCOLIPROPERTYFORSALEGRANCANARIA\" \/>\n<meta property=\"article:modified_time\" content=\"2025-05-07T13:12:12+00:00\" \/>\n<meta property=\"og:image\" content=\"https:\/\/www.propertyforsalegrancanaria.com\/wp-content\/uploads\/2024\/08\/gestione-case-vacanza-gran-canaria.jpg\" \/>\n<meta name=\"twitter:card\" content=\"summary_large_image\" \/>\n<meta name=\"twitter:title\" content=\"Verwaltung von Kurzzeitvermietungen auf Gran Canaria\" \/>\n<meta name=\"twitter:label1\" content=\"Gesch\u00e4tzte Lesezeit\" \/>\n\t<meta name=\"twitter:data1\" content=\"14\u00a0Minuten\" \/>\n<script type=\"application\/ld+json\" class=\"yoast-schema-graph\">{\"@context\":\"https:\\\/\\\/schema.org\",\"@graph\":[{\"@type\":\"WebPage\",\"@id\":\"https:\\\/\\\/www.propertyforsalegrancanaria.com\\\/de\\\/verwaltung-von-kurzzeitvermietungen-auf-gran-canaria\\\/\",\"url\":\"https:\\\/\\\/www.propertyforsalegrancanaria.com\\\/de\\\/verwaltung-von-kurzzeitvermietungen-auf-gran-canaria\\\/\",\"name\":\"Gran Canaria Vacation Rentals: Tourismus-Management | 2025\",\"isPartOf\":{\"@id\":\"https:\\\/\\\/www.propertyforsalegrancanaria.com\\\/de\\\/#website\"},\"primaryImageOfPage\":{\"@id\":\"https:\\\/\\\/www.propertyforsalegrancanaria.com\\\/de\\\/verwaltung-von-kurzzeitvermietungen-auf-gran-canaria\\\/#primaryimage\"},\"image\":{\"@id\":\"https:\\\/\\\/www.propertyforsalegrancanaria.com\\\/de\\\/verwaltung-von-kurzzeitvermietungen-auf-gran-canaria\\\/#primaryimage\"},\"thumbnailUrl\":\"https:\\\/\\\/www.propertyforsalegrancanaria.com\\\/wp-content\\\/uploads\\\/2024\\\/08\\\/gestione-case-vacanza-gran-canaria.jpg\",\"datePublished\":\"2025-05-07T11:16:05+00:00\",\"dateModified\":\"2025-05-07T13:12:12+00:00\",\"description\":\"Verwaltung von Kurzzeitvermietungen auf Gran Canaria: Vivienda Vacacional Lizenz, Reservierungen, Check-in und Steuerverwaltung. Entdecken Sie den professionellen Service!\",\"breadcrumb\":{\"@id\":\"https:\\\/\\\/www.propertyforsalegrancanaria.com\\\/de\\\/verwaltung-von-kurzzeitvermietungen-auf-gran-canaria\\\/#breadcrumb\"},\"inLanguage\":\"de\",\"potentialAction\":[{\"@type\":\"ReadAction\",\"target\":[\"https:\\\/\\\/www.propertyforsalegrancanaria.com\\\/de\\\/verwaltung-von-kurzzeitvermietungen-auf-gran-canaria\\\/\"]}]},{\"@type\":\"ImageObject\",\"inLanguage\":\"de\",\"@id\":\"https:\\\/\\\/www.propertyforsalegrancanaria.com\\\/de\\\/verwaltung-von-kurzzeitvermietungen-auf-gran-canaria\\\/#primaryimage\",\"url\":\"https:\\\/\\\/www.propertyforsalegrancanaria.com\\\/wp-content\\\/uploads\\\/2024\\\/08\\\/gestione-case-vacanza-gran-canaria.jpg\",\"contentUrl\":\"https:\\\/\\\/www.propertyforsalegrancanaria.com\\\/wp-content\\\/uploads\\\/2024\\\/08\\\/gestione-case-vacanza-gran-canaria.jpg\",\"width\":940,\"height\":788},{\"@type\":\"BreadcrumbList\",\"@id\":\"https:\\\/\\\/www.propertyforsalegrancanaria.com\\\/de\\\/verwaltung-von-kurzzeitvermietungen-auf-gran-canaria\\\/#breadcrumb\",\"itemListElement\":[{\"@type\":\"ListItem\",\"position\":1,\"name\":\"Home\",\"item\":\"https:\\\/\\\/www.propertyforsalegrancanaria.com\\\/de\\\/\"},{\"@type\":\"ListItem\",\"position\":2,\"name\":\"Verwaltung von Kurzzeitvermietungen auf Gran Canaria\"}]},{\"@type\":\"WebSite\",\"@id\":\"https:\\\/\\\/www.propertyforsalegrancanaria.com\\\/de\\\/#website\",\"url\":\"https:\\\/\\\/www.propertyforsalegrancanaria.com\\\/de\\\/\",\"name\":\"Property for sale Gran Canaria\",\"description\":\"Gran Canaria Case Vendita\",\"publisher\":{\"@id\":\"https:\\\/\\\/www.propertyforsalegrancanaria.com\\\/de\\\/#organization\"},\"alternateName\":\"Real Estate Gran Canaria\",\"potentialAction\":[{\"@type\":\"SearchAction\",\"target\":{\"@type\":\"EntryPoint\",\"urlTemplate\":\"https:\\\/\\\/www.propertyforsalegrancanaria.com\\\/de\\\/?s={search_term_string}\"},\"query-input\":{\"@type\":\"PropertyValueSpecification\",\"valueRequired\":true,\"valueName\":\"search_term_string\"}}],\"inLanguage\":\"de\"},{\"@type\":[\"Organization\",\"Place\",\"RealEstateAgent\"],\"@id\":\"https:\\\/\\\/www.propertyforsalegrancanaria.com\\\/de\\\/#organization\",\"name\":\"property for sale gran canaria\",\"url\":\"https:\\\/\\\/www.propertyforsalegrancanaria.com\\\/de\\\/\",\"logo\":{\"@id\":\"https:\\\/\\\/www.propertyforsalegrancanaria.com\\\/de\\\/verwaltung-von-kurzzeitvermietungen-auf-gran-canaria\\\/#local-main-organization-logo\"},\"image\":{\"@id\":\"https:\\\/\\\/www.propertyforsalegrancanaria.com\\\/de\\\/verwaltung-von-kurzzeitvermietungen-auf-gran-canaria\\\/#local-main-organization-logo\"},\"sameAs\":[\"https:\\\/\\\/www.facebook.com\\\/DANIELEPICCOLIPROPERTYFORSALEGRANCANARIA\"],\"address\":{\"@id\":\"https:\\\/\\\/www.propertyforsalegrancanaria.com\\\/de\\\/verwaltung-von-kurzzeitvermietungen-auf-gran-canaria\\\/#local-main-place-address\"},\"geo\":{\"@type\":\"GeoCoordinates\",\"latitude\":\"27.784149\",\"longitude\":\"-15.650744\"},\"telephone\":[\"+34 635632009\",\"+34 635632009\"],\"contactPoint\":{\"@type\":\"ContactPoint\",\"telephone\":\"+34 635632009\",\"email\":\"info@propertyforsalegrancanaria.com\"},\"openingHoursSpecification\":[{\"@type\":\"OpeningHoursSpecification\",\"dayOfWeek\":[\"Monday\",\"Tuesday\",\"Wednesday\",\"Thursday\",\"Friday\"],\"opens\":\"10:00\",\"closes\":\"17:00\"},{\"@type\":\"OpeningHoursSpecification\",\"dayOfWeek\":[\"Saturday\",\"Sunday\"],\"opens\":\"00:00\",\"closes\":\"00:00\"}],\"email\":\"info@propertyforsalegrancanaria.com\",\"priceRange\":\"$\"},{\"@type\":\"PostalAddress\",\"@id\":\"https:\\\/\\\/www.propertyforsalegrancanaria.com\\\/de\\\/verwaltung-von-kurzzeitvermietungen-auf-gran-canaria\\\/#local-main-place-address\",\"streetAddress\":\"CALLE GREEN 1, COMPLEJO MANGOLF VILLAS\",\"addressLocality\":\"SALOBRE GOLF\",\"postalCode\":\"35106\",\"addressRegion\":\"Las Palmas\",\"addressCountry\":\"ES\"},{\"@type\":\"ImageObject\",\"inLanguage\":\"de\",\"@id\":\"https:\\\/\\\/www.propertyforsalegrancanaria.com\\\/de\\\/verwaltung-von-kurzzeitvermietungen-auf-gran-canaria\\\/#local-main-organization-logo\",\"url\":\"https:\\\/\\\/www.propertyforsalegrancanaria.com\\\/wp-content\\\/uploads\\\/2023\\\/05\\\/PROPERTY-1024x768-copia-1.png\",\"contentUrl\":\"https:\\\/\\\/www.propertyforsalegrancanaria.com\\\/wp-content\\\/uploads\\\/2023\\\/05\\\/PROPERTY-1024x768-copia-1.png\",\"width\":1024,\"height\":768,\"caption\":\"property for sale gran canaria\"}]}<\/script>\n<meta name=\"geo.placename\" content=\"SALOBRE GOLF\" \/>\n<meta name=\"geo.position\" content=\"27.784149;-15.650744\" \/>\n<meta name=\"geo.region\" content=\"Spanien\" \/>\n<!-- \/ Yoast SEO Premium plugin. -->","yoast_head_json":{"title":"Gran Canaria Vacation Rentals: Tourismus-Management | 2025","description":"Verwaltung von Kurzzeitvermietungen auf Gran Canaria: Vivienda Vacacional Lizenz, Reservierungen, Check-in und Steuerverwaltung. Entdecken Sie den professionellen Service!","robots":{"index":"index","follow":"follow","max-snippet":"max-snippet:-1","max-image-preview":"max-image-preview:large","max-video-preview":"max-video-preview:-1"},"canonical":"https:\/\/www.propertyforsalegrancanaria.com\/de\/verwaltung-von-kurzzeitvermietungen-auf-gran-canaria\/","og_locale":"de_DE","og_type":"article","og_title":"Immobilienverwaltung auf Gran Canaria f\u00fcr touristische Kurzzeitvermietungen, Kalenderverwaltung, Steuerzahlung, F\u00fchrerschein, G\u00e4steregistrierung","og_description":"Verdienen Sie mehr mit Immobilienverwaltung auf Gran Canaria. Vermeiden Sie s\u00e4umige Mieter mit einer sicheren und profitablen Kurzzeitvermietung.","og_url":"https:\/\/www.propertyforsalegrancanaria.com\/de\/verwaltung-von-kurzzeitvermietungen-auf-gran-canaria\/","og_site_name":"Property for sale Gran Canaria","article_publisher":"https:\/\/www.facebook.com\/DANIELEPICCOLIPROPERTYFORSALEGRANCANARIA","article_modified_time":"2025-05-07T13:12:12+00:00","og_image":[{"url":"https:\/\/www.propertyforsalegrancanaria.com\/wp-content\/uploads\/2024\/08\/gestione-case-vacanza-gran-canaria.jpg","type":"","width":"","height":""}],"twitter_card":"summary_large_image","twitter_title":"Verwaltung von Kurzzeitvermietungen auf Gran Canaria","twitter_misc":{"Gesch\u00e4tzte Lesezeit":"14\u00a0Minuten"},"schema":{"@context":"https:\/\/schema.org","@graph":[{"@type":"WebPage","@id":"https:\/\/www.propertyforsalegrancanaria.com\/de\/verwaltung-von-kurzzeitvermietungen-auf-gran-canaria\/","url":"https:\/\/www.propertyforsalegrancanaria.com\/de\/verwaltung-von-kurzzeitvermietungen-auf-gran-canaria\/","name":"Gran Canaria Vacation Rentals: Tourismus-Management | 2025","isPartOf":{"@id":"https:\/\/www.propertyforsalegrancanaria.com\/de\/#website"},"primaryImageOfPage":{"@id":"https:\/\/www.propertyforsalegrancanaria.com\/de\/verwaltung-von-kurzzeitvermietungen-auf-gran-canaria\/#primaryimage"},"image":{"@id":"https:\/\/www.propertyforsalegrancanaria.com\/de\/verwaltung-von-kurzzeitvermietungen-auf-gran-canaria\/#primaryimage"},"thumbnailUrl":"https:\/\/www.propertyforsalegrancanaria.com\/wp-content\/uploads\/2024\/08\/gestione-case-vacanza-gran-canaria.jpg","datePublished":"2025-05-07T11:16:05+00:00","dateModified":"2025-05-07T13:12:12+00:00","description":"Verwaltung von Kurzzeitvermietungen auf Gran Canaria: Vivienda Vacacional Lizenz, Reservierungen, Check-in und Steuerverwaltung. Entdecken Sie den professionellen Service!","breadcrumb":{"@id":"https:\/\/www.propertyforsalegrancanaria.com\/de\/verwaltung-von-kurzzeitvermietungen-auf-gran-canaria\/#breadcrumb"},"inLanguage":"de","potentialAction":[{"@type":"ReadAction","target":["https:\/\/www.propertyforsalegrancanaria.com\/de\/verwaltung-von-kurzzeitvermietungen-auf-gran-canaria\/"]}]},{"@type":"ImageObject","inLanguage":"de","@id":"https:\/\/www.propertyforsalegrancanaria.com\/de\/verwaltung-von-kurzzeitvermietungen-auf-gran-canaria\/#primaryimage","url":"https:\/\/www.propertyforsalegrancanaria.com\/wp-content\/uploads\/2024\/08\/gestione-case-vacanza-gran-canaria.jpg","contentUrl":"https:\/\/www.propertyforsalegrancanaria.com\/wp-content\/uploads\/2024\/08\/gestione-case-vacanza-gran-canaria.jpg","width":940,"height":788},{"@type":"BreadcrumbList","@id":"https:\/\/www.propertyforsalegrancanaria.com\/de\/verwaltung-von-kurzzeitvermietungen-auf-gran-canaria\/#breadcrumb","itemListElement":[{"@type":"ListItem","position":1,"name":"Home","item":"https:\/\/www.propertyforsalegrancanaria.com\/de\/"},{"@type":"ListItem","position":2,"name":"Verwaltung von Kurzzeitvermietungen auf Gran Canaria"}]},{"@type":"WebSite","@id":"https:\/\/www.propertyforsalegrancanaria.com\/de\/#website","url":"https:\/\/www.propertyforsalegrancanaria.com\/de\/","name":"Property for sale Gran Canaria","description":"Gran Canaria Case Vendita","publisher":{"@id":"https:\/\/www.propertyforsalegrancanaria.com\/de\/#organization"},"alternateName":"Real Estate Gran Canaria","potentialAction":[{"@type":"SearchAction","target":{"@type":"EntryPoint","urlTemplate":"https:\/\/www.propertyforsalegrancanaria.com\/de\/?s={search_term_string}"},"query-input":{"@type":"PropertyValueSpecification","valueRequired":true,"valueName":"search_term_string"}}],"inLanguage":"de"},{"@type":["Organization","Place","RealEstateAgent"],"@id":"https:\/\/www.propertyforsalegrancanaria.com\/de\/#organization","name":"property for sale gran canaria","url":"https:\/\/www.propertyforsalegrancanaria.com\/de\/","logo":{"@id":"https:\/\/www.propertyforsalegrancanaria.com\/de\/verwaltung-von-kurzzeitvermietungen-auf-gran-canaria\/#local-main-organization-logo"},"image":{"@id":"https:\/\/www.propertyforsalegrancanaria.com\/de\/verwaltung-von-kurzzeitvermietungen-auf-gran-canaria\/#local-main-organization-logo"},"sameAs":["https:\/\/www.facebook.com\/DANIELEPICCOLIPROPERTYFORSALEGRANCANARIA"],"address":{"@id":"https:\/\/www.propertyforsalegrancanaria.com\/de\/verwaltung-von-kurzzeitvermietungen-auf-gran-canaria\/#local-main-place-address"},"geo":{"@type":"GeoCoordinates","latitude":"27.784149","longitude":"-15.650744"},"telephone":["+34 635632009","+34 635632009"],"contactPoint":{"@type":"ContactPoint","telephone":"+34 635632009","email":"info@propertyforsalegrancanaria.com"},"openingHoursSpecification":[{"@type":"OpeningHoursSpecification","dayOfWeek":["Monday","Tuesday","Wednesday","Thursday","Friday"],"opens":"10:00","closes":"17:00"},{"@type":"OpeningHoursSpecification","dayOfWeek":["Saturday","Sunday"],"opens":"00:00","closes":"00:00"}],"email":"info@propertyforsalegrancanaria.com","priceRange":"$"},{"@type":"PostalAddress","@id":"https:\/\/www.propertyforsalegrancanaria.com\/de\/verwaltung-von-kurzzeitvermietungen-auf-gran-canaria\/#local-main-place-address","streetAddress":"CALLE GREEN 1, COMPLEJO MANGOLF VILLAS","addressLocality":"SALOBRE GOLF","postalCode":"35106","addressRegion":"Las Palmas","addressCountry":"ES"},{"@type":"ImageObject","inLanguage":"de","@id":"https:\/\/www.propertyforsalegrancanaria.com\/de\/verwaltung-von-kurzzeitvermietungen-auf-gran-canaria\/#local-main-organization-logo","url":"https:\/\/www.propertyforsalegrancanaria.com\/wp-content\/uploads\/2023\/05\/PROPERTY-1024x768-copia-1.png","contentUrl":"https:\/\/www.propertyforsalegrancanaria.com\/wp-content\/uploads\/2023\/05\/PROPERTY-1024x768-copia-1.png","width":1024,"height":768,"caption":"property for sale gran canaria"}]},"geo.placename":"SALOBRE GOLF","geo.position":{"lat":"27.784149","long":"-15.650744"},"geo.region":"Spanien"},"_links":{"self":[{"href":"https:\/\/www.propertyforsalegrancanaria.com\/de\/wp-json\/wp\/v2\/pages\/41792","targetHints":{"allow":["GET"]}}],"collection":[{"href":"https:\/\/www.propertyforsalegrancanaria.com\/de\/wp-json\/wp\/v2\/pages"}],"about":[{"href":"https:\/\/www.propertyforsalegrancanaria.com\/de\/wp-json\/wp\/v2\/types\/page"}],"author":[{"embeddable":true,"href":"https:\/\/www.propertyforsalegrancanaria.com\/de\/wp-json\/wp\/v2\/users\/1"}],"replies":[{"embeddable":true,"href":"https:\/\/www.propertyforsalegrancanaria.com\/de\/wp-json\/wp\/v2\/comments?post=41792"}],"version-history":[{"count":13,"href":"https:\/\/www.propertyforsalegrancanaria.com\/de\/wp-json\/wp\/v2\/pages\/41792\/revisions"}],"predecessor-version":[{"id":53511,"href":"https:\/\/www.propertyforsalegrancanaria.com\/de\/wp-json\/wp\/v2\/pages\/41792\/revisions\/53511"}],"wp:featuredmedia":[{"embeddable":true,"href":"https:\/\/www.propertyforsalegrancanaria.com\/de\/wp-json\/wp\/v2\/media\/41793"}],"wp:attachment":[{"href":"https:\/\/www.propertyforsalegrancanaria.com\/de\/wp-json\/wp\/v2\/media?parent=41792"}],"curies":[{"name":"wp","href":"https:\/\/api.w.org\/{rel}","templated":true}]}}